{"id":5857,"date":"2024-02-20T08:28:21","date_gmt":"2024-02-20T07:28:21","guid":{"rendered":"https:\/\/smartcity.bamberg.de\/veranstaltungen\/smarte-buergerinnenplattform\/"},"modified":"2025-11-11T14:22:11","modified_gmt":"2025-11-11T13:22:11","slug":"smarte-buergerinnenplattform","status":"publish","type":"events","link":"https:\/\/smartcity.bamberg.de\/en\/veranstaltungen\/smarte-buergerinnenplattform\/","title":{"rendered":"Smarte B\u00fcrger:innenplattform?"},"content":{"rendered":"<section class=\"container-fluid bg-white px-0 pt-5 pt-md-5\">\n                    <div class=\"container px-3\">\n<p>Ein digitales Beteiligungstool, das nahezu alles kann? Klingt utopisch, aber auch unglaublich wichtig f\u00fcr die gemeinsame Arbeit von B\u00fcrger:innen und Stadtverwaltung. <\/p>\n<\/div>\n                <\/section>\n\n\n<!--more-->\n\n\n<section class=\"container-fluid bg-white px-0 pt-5 pt-md-5\">\n                    <div class=\"container px-3\">\n<p>Um einen Status Quo sowie einen Anforderungskatalog zu haben, gibt es in Hildesheim am 13. und 14. M\u00e4rz ein Barcamp. Dort sollen sich interessierte B\u00fcrger:innen, Vertreter:innen verschiedener St\u00e4dte und L\u00f6sungsanbieter vernetzen und gemeinsam an ersten Prototypen arbeiten. <\/p>\n<\/div>\n                <\/section>\n\n<section class=\"container-fluid bg-white px-0 pt-5 pt-md-5\">\n                    <div class=\"container px-3\">\n<p>Hier die offizielle Einladung aus der St\u00e4dtegemeinschaft, die das Thema smarte B\u00fcrger:innenplattform bearbeitet: <\/p>\n<\/div>\n                <\/section>\n\n<section class=\"container-fluid bg-white px-0 pt-5 pt-md-5\">\n                    <div class=\"container px-3\">\n<p>Liebe Kommunalvertreter:innen, liebes Smart City-Netzwerk,<\/p>\n<\/div>\n                <\/section>\n\n<section class=\"container-fluid bg-white px-0 pt-5 pt-md-5\">\n                    <div class=\"container px-3\">\n<p>wir laden Sie herzlich zum Barcamp mit Thema <strong>Digitale Beteiligungstools<\/strong> nach Hildesheim ein. Alle Informationen finden Sie im Anhang.<\/p>\n<\/div>\n                <\/section>\n\n<section class=\"container-fluid bg-white px-0 pt-5 pt-md-5\">\n                    <div class=\"container px-3\">\n<p>Zus\u00e4tzlich zur eigentlichen Veranstaltung am 13. und 14. M\u00e4rz sind alle kommunalen Vertreter:innen bereits am Vorabend (12.03.) zu einem Get-Together in den R\u00e4umen der Smart City Hildesheim <strong>Hi<\/strong> <strong>Zukunft Werk.Stadt<\/strong>, Almsstra\u00dfe 9-10 zum Austausch in entspannter Runde eingeladen.<\/p>\n<\/div>\n                <\/section>\n\n<section class=\"container-fluid bg-white px-0 pt-5 pt-md-5\">\n                    <div class=\"container px-3\">\n<p>Wir freuen uns auf Ihre <a href=\"https:\/\/www.kielregion.de\/anmeldung-zum-barcamp-hildesheim-2024\/\">Anmeldung<\/a>!<\/p>\n<\/div>\n                <\/section>\n\n<section class=\"container-fluid bg-white px-0 pt-5 pt-md-5\">\n                    <div class=\"container px-3\">\n<p>Die Smart Cities Kiel, L\u00fcbeck, Hildesheim und Bamberg!<\/p>\n<\/div>\n                <\/section>\n\n\n<div data-wp-interactive=\"core\/file\" class=\"wp-block-file\"><object data-wp-bind--hidden=\"!state.hasPdfPreview\" hidden class=\"wp-block-file__embed\" data=\"https:\/\/smartcity.bamberg.de\/wp-content\/uploads\/2024\/02\/Barcamp-Beteiligung_Hildesheim_EINLADUNG.pdf\" type=\"application\/pdf\" style=\"width:100%;height:600px\" aria-label=\"Embed of Barcamp-Beteiligung_Hildesheim_EINLADUNG.\"><\/object><a id=\"wp-block-file--media-be165dd4-d046-4c0c-9cd9-14b8c9f8f1f7\" href=\"https:\/\/smartcity.bamberg.de\/wp-content\/uploads\/2024\/02\/Barcamp-Beteiligung_Hildesheim_EINLADUNG.pdf\">Barcamp-Beteiligung_Hildesheim_EINLADUNG<\/a><a href=\"https:\/\/smartcity.bamberg.de\/wp-content\/uploads\/2024\/02\/Barcamp-Beteiligung_Hildesheim_EINLADUNG.pdf\" class=\"wp-block-file__button wp-element-button\" download aria-describedby=\"wp-block-file--media-be165dd4-d046-4c0c-9cd9-14b8c9f8f1f7\">Herunterladen<\/a><\/div>\n\n\n<section class=\"container-fluid bg-white px-0 pt-5 pt-md-5\">\n                    <div class=\"container px-3\">\n<p><\/p>\n<\/div>\n                <\/section>","protected":false},"excerpt":{"rendered":"<p>Ein digitales Beteiligungstool, das nahezu alles kann? Klingt utopisch, aber auch unglaublich wichtig f\u00fcr die gemeinsame Arbeit von B\u00fcrger:innen und Stadtverwaltung.<\/p>\n","protected":false},"featured_media":1932,"template":"","meta":{"_acf_changed":false,"footnotes":""},"categories":[138,150],"class_list":["post-5857","events","type-events","status-publish","has-post-thumbnail","hentry","category-engagementplattform","category-veranstaltungen"],"acf":[],"_links":{"self":[{"href":"https:\/\/smartcity.bamberg.de\/en\/wp-json\/wp\/v2\/events\/5857","targetHints":{"allow":["GET"]}}],"collection":[{"href":"https:\/\/smartcity.bamberg.de\/en\/wp-json\/wp\/v2\/events"}],"about":[{"href":"https:\/\/smartcity.bamberg.de\/en\/wp-json\/wp\/v2\/types\/events"}],"version-history":[{"count":1,"href":"https:\/\/smartcity.bamberg.de\/en\/wp-json\/wp\/v2\/events\/5857\/revisions"}],"predecessor-version":[{"id":5951,"href":"https:\/\/smartcity.bamberg.de\/en\/wp-json\/wp\/v2\/events\/5857\/revisions\/5951"}],"wp:featuredmedia":[{"embeddable":true,"href":"https:\/\/smartcity.bamberg.de\/en\/wp-json\/wp\/v2\/media\/1932"}],"wp:attachment":[{"href":"https:\/\/smartcity.bamberg.de\/en\/wp-json\/wp\/v2\/media?parent=5857"}],"wp:term":[{"taxonomy":"category","embeddable":true,"href":"https:\/\/smartcity.bamberg.de\/en\/wp-json\/wp\/v2\/categories?post=5857"}],"curies":[{"name":"wp","href":"https:\/\/api.w.org\/{rel}","templated":true}]}}