{"id":6972,"date":"2026-02-19T13:46:10","date_gmt":"2026-02-19T12:46:10","guid":{"rendered":"https:\/\/smartcity.bamberg.de\/veranstaltungen\/"},"modified":"2026-02-19T14:06:31","modified_gmt":"2026-02-19T13:06:31","slug":"dein-bamberg-ganz-einfach-digital-in-der-bamberg-app","status":"publish","type":"events","link":"https:\/\/smartcity.bamberg.de\/en\/veranstaltungen\/dein-bamberg-ganz-einfach-digital-in-der-bamberg-app\/","title":{"rendered":"Dein Bamberg &#8211; ganz einfach digital in der Bamberg-App"},"content":{"rendered":"<section class=\"container-fluid bg-white px-0 pt-5 pt-md-5\">\n                    <div class=\"container px-3\">\n<p>Wie bekomme ich schnell die neuesten Nachrichten aus dem Rathaus? Wann muss die Gelbe Tonne raus? Welche versteckten Ecken Bambergs kennen nur die Einheimischen?<\/p>\n<\/div>\n                <\/section>\n\n<section class=\"container-fluid bg-white px-0 pt-5 pt-md-5\">\n                    <div class=\"container px-3\">\n<p>Wir laden dich herzlich zur Pr\u00e4sentation der <strong>Bamberg-App<\/strong> ein! Sie b\u00fcndelt alle wichtigen st\u00e4dtischen Informationen und Dienste direkt auf deinem Smartphone.<\/p>\n<\/div>\n                <\/section>\n\n<section class=\"container-fluid bg-white px-0 pt-5 pt-md-5\">\n                    <div class=\"container px-3\">\n<p><strong>Falls du dir denkst:<\/strong><\/p>\n<\/div>\n                <\/section>\n\n\n<ul class=\"wp-block-list\">\n<li>&#8220;Ich kenne mich mit Apps nicht gut aus.&#8221;<\/li>\n\n\n\n<li>&#8220;Das wird bestimmt wieder zu kompliziert.&#8221;<\/li>\n\n\n\n<li>&#8220;Ich m\u00f6chte nicht mit unwichtigen Infos \u00fcberflutet werden!&#8221;<\/li>\n<\/ul>\n\n\n<section class=\"container-fluid bg-white px-0 pt-5 pt-md-5\">\n                    <div class=\"container px-3\">\n<p><strong>Dann mach Schluss mit der Unsicherheit!<\/strong><\/p>\n<\/div>\n                <\/section>\n\n<section class=\"container-fluid bg-white px-0 pt-5 pt-md-5\">\n                    <div class=\"container px-3\">\n<p>Bei unserem Info-Abend f\u00fchren wir dich Schritt f\u00fcr Schritt durch die n\u00fctzlichsten Funktionen und zeigen dir, wie du die App <strong>ganz nach deinen W\u00fcnschen<\/strong> einstellst:<\/p>\n<\/div>\n                <\/section>\n\n\n<ul class=\"wp-block-list\">\n<li><strong>Deine pers\u00f6nlichen Themen:<\/strong> Wir zeigen dir, wie du die App <strong>personalisieren<\/strong> kannst. So werden dir nur die Nachrichten, Termine und Themen angezeigt, die dich wirklich interessieren.<\/li>\n\n\n\n<li><strong>Wichtige Infos sofort:<\/strong> Erfahre, wie du <strong>Mitteilungen<\/strong> (Push-Benachrichtigungen) nur f\u00fcr die Bereiche aktivierst, die du sofort wissen m\u00f6chtest (z.B. eine wichtige Rathaus-Meldung oder der M\u00fcllabfuhrtermin f\u00fcr deine Adresse).<\/li>\n\n\n\n<li><strong>Geheimtipps inklusive:<\/strong> \u00dcber eine interaktive Karte findest du die besten <strong>Tipps von und f\u00fcr Dein Bamberg.<\/strong><\/li>\n<\/ul>\n\n\n<section class=\"container-fluid bg-white px-0 pt-5 pt-md-5\">\n                    <div class=\"container px-3\">\n<p>Die Teilnahme ist kostenfrei. Eine Anmeldung ist nicht n\u00f6tig. Bring am besten dein Smartphone oder Laptop mit \u2013 wir helfen dir vor Ort bei der Installation und den pers\u00f6nlichen Einstellungen!<\/p>\n<\/div>\n                <\/section>","protected":false},"excerpt":{"rendered":"<p>smart verstehen: Dein Bamberg &#8211; ganz einfach digital in der Bamberg-App<\/p>\n","protected":false},"featured_media":6984,"template":"","meta":{"_acf_changed":false,"footnotes":""},"categories":[149],"class_list":["post-6972","events","type-events","status-publish","has-post-thumbnail","hentry","category-bamberg-app"],"acf":[],"_links":{"self":[{"href":"https:\/\/smartcity.bamberg.de\/en\/wp-json\/wp\/v2\/events\/6972","targetHints":{"allow":["GET"]}}],"collection":[{"href":"https:\/\/smartcity.bamberg.de\/en\/wp-json\/wp\/v2\/events"}],"about":[{"href":"https:\/\/smartcity.bamberg.de\/en\/wp-json\/wp\/v2\/types\/events"}],"version-history":[{"count":1,"href":"https:\/\/smartcity.bamberg.de\/en\/wp-json\/wp\/v2\/events\/6972\/revisions"}],"predecessor-version":[{"id":6973,"href":"https:\/\/smartcity.bamberg.de\/en\/wp-json\/wp\/v2\/events\/6972\/revisions\/6973"}],"wp:featuredmedia":[{"embeddable":true,"href":"https:\/\/smartcity.bamberg.de\/en\/wp-json\/wp\/v2\/media\/6984"}],"wp:attachment":[{"href":"https:\/\/smartcity.bamberg.de\/en\/wp-json\/wp\/v2\/media?parent=6972"}],"wp:term":[{"taxonomy":"category","embeddable":true,"href":"https:\/\/smartcity.bamberg.de\/en\/wp-json\/wp\/v2\/categories?post=6972"}],"curies":[{"name":"wp","href":"https:\/\/api.w.org\/{rel}","templated":true}]}}