{"id":5869,"date":"2025-03-06T15:18:09","date_gmt":"2025-03-06T14:18:09","guid":{"rendered":"https:\/\/smartcity.bamberg.de\/veranstaltungen\/smarte-woche-suedwest-31-03-04-04-2025\/"},"modified":"2025-09-29T18:48:02","modified_gmt":"2025-09-29T16:48:02","slug":"smarte-woche-suedwest-31-03-04-04-2025","status":"publish","type":"events","link":"https:\/\/smartcity.bamberg.de\/les\/veranstaltungen\/smarte-woche-suedwest-31-03-04-04-2025\/","title":{"rendered":"Smarte Woche S\u00fcdwest: 31.03.-04.04.2025"},"content":{"rendered":"<section class=\"container-fluid bg-white px-0 pt-5 pt-md-5\">\n                    <div class=\"container px-3\">\n<p>Hier findet ihr weitere Infos zu den einzelnen Programmpunkten den Smarten Woche in Bambergs S\u00fcdwesten!<\/p>\n<\/div>\n                <\/section>\n\n\n<!--more-->\n\n\n<section class=\"container-fluid bg-white p-0 pt-5 pt-md-5\">\n                    <div class=\"container p-5 p-3 pb-0\">\n<h2 class=\"wp-block-heading\" class=\"mb-0\">Montag, 31.03.2025<\/h2>\n<\/div>\n                <\/section>\n\n<section class=\"container-fluid bg-white p-0 pt-5 pt-md-5\">\n                    <div class=\"container p-5 p-3 pb-0\">\n<h6 class=\"has-background wp-block-heading\" style=\"background-color:#bd3e8473\" class=\"mb-0\"><strong>16.00 &#8211; circa 19.00 Uhr: Er\u00f6ffnung <br>freiRaum (Stadtteil-B\u00fcro, Babenbergerring 71)<\/strong><\/h6>\n<\/div>\n                <\/section>\n\n<section class=\"container-fluid bg-white px-0 pt-5 pt-md-5\">\n                    <div class=\"container px-3\">\n<p style=\"font-size:15px\">\u201eWas ist dieses Smart City und was soll das \u00fcberhaupt?\u201c \u2013 Wenn Ihnen diese oder \u00e4hnliche Gedanken schon einmal gekommen sind (sp\u00e4testens beim Blick auf die Veranstaltungswerbung), dann sind Sie hier genau richtig! Am 31.03.2025 um 16 Uhr er\u00f6ffnen wir die Smarte Woche feierlich im Stadtteil-B\u00fcro S\u00fcdwest. Nach Begr\u00fc\u00dfungsworten von Dr. Stefan Goller, dem Wirtschaftsreferenten der Stadt Bamberg, erfahren Sie, was es bedeutet, wenn eine Stadt \u201esmart\u201c ist, was es mit dem Programm Smart City Bamberg auf sich hat und wie Menschen in Bamberg in ihrem Alltag davon profitieren k\u00f6nnen. Lernen Sie mehr \u00fcber die Projekte \u201eBamberg-App\u201c, die verschiedene n\u00fctzliche Services b\u00fcndeln wird, sowie \u201eHier &amp; Jetzt\u201c, einer interaktiven Karte von B\u00fcrger:innen f\u00fcr B\u00fcrger:innen. Auf dem Vorplatz des Stadtteil-B\u00fcros finden zeitgleich bunte Aktionen f\u00fcr die ganze Familie statt. Kommen Sie gerne vorbei und tauschen Sie sich mit uns bei Kaffee, Erfrischungsgetr\u00e4nken und Knabbereien aus!<\/p>\n<\/div>\n                <\/section>\n\n<section class=\"container-fluid bg-white px-0 pt-5 pt-md-5\">\n                    <div class=\"container px-3\">\n<p style=\"font-size:15px\"><em>(Kooperation mit dem Stadtteil-B\u00fcro S\u00fcdwest)<\/em><\/p>\n<\/div>\n                <\/section>\n\n\n<hr class=\"wp-block-separator has-alpha-channel-opacity\"\/>\n\n\n<section class=\"container-fluid bg-white p-0 pt-5 pt-md-5\">\n                    <div class=\"container p-5 p-3 pb-0\">\n<h2 class=\"wp-block-heading\" class=\"mb-0\">Dienstag, 01.04.2025<\/h2>\n<\/div>\n                <\/section>\n\n<section class=\"container-fluid bg-white p-0 pt-5 pt-md-5\">\n                    <div class=\"container p-5 p-3 pb-0\">\n<h6 class=\"has-background wp-block-heading\" style=\"background-color:#8dd2fcb0\" class=\"mb-0\"><strong>10.30 &#8211; 11.30 Uhr: Bewegung f\u00fcr K\u00f6rper und Geist<br>Klemens-Fink-Zentrum (Babenbergerring 1)<\/strong><\/h6>\n<\/div>\n                <\/section>\n\n<section class=\"container-fluid bg-white px-0 pt-5 pt-md-5\">\n                    <div class=\"container px-3\">\n<p style=\"font-size:15px\">Jeden Dienstag vormittag zwischen 10.30 und 11.30 Uhr findet in der Turnhalle des Klemens-Fink-Zentrums f\u00fcr Senior:innen das Angebot \u201eBewegung f\u00fcr K\u00f6rper und Geist\u201c statt. Unter Anleitung werden wechselnde \u00dcbungen durchgef\u00fchrt, die darauf abzielen, K\u00f6rper und Geist fit zu halten. Im Rahmen der Smarten Woche kommt Smart City Bamberg dazu, um digitale Themen in das bestehende Training spielerisch einzubringen.<\/p>\n<\/div>\n                <\/section>\n\n<section class=\"container-fluid bg-white px-0 pt-5 pt-md-5\">\n                    <div class=\"container px-3\">\n<p style=\"font-size:15px\"><em>(Kooperation mit dem Stadtteil-B\u00fcro S\u00fcdwest, Frau Ochs und Klemens-Fink-Zentrum)<\/em><\/p>\n<\/div>\n                <\/section>\n\n<section class=\"container-fluid bg-white p-0 pt-5 pt-md-5\">\n                    <div class=\"container p-5 p-3 pb-0\">\n<h6 class=\"has-background wp-block-heading\" style=\"background-color:#bd3e8473\" class=\"mb-0\"><strong>14.00 &#8211; 15.00 Uhr: Digital-Sprechstunde<br>freiRaum (Stadtteil-B\u00fcro, Babenbergerring 71)<\/strong><\/h6>\n<\/div>\n                <\/section>\n\n<section class=\"container-fluid bg-white px-0 pt-5 pt-md-5\">\n                    <div class=\"container px-3\">\n<p style=\"font-size:15px\">Seit l\u00e4ngerem gibt es in Bambergs S\u00fcdwesten \u201edigitale T\u00fcr\u00f6ffner\u201c &#8211; ehrenamtliche Mitarbeiter, die bei Bedarf individuelle Unterst\u00fctzung bei digitalen Fragen und Herausforderungen anbieten. F\u00fcr die Smarte Woche werden gleich zwei feste Sprechstunden angeboten, zu denen Hilfesuchende ohne Terminvereinbarung vorbeikommen k\u00f6nnen. Die offene Sprechstunde richtet sich an alle, die Unterst\u00fctzung im digitalen Alltag ben\u00f6tigen. Falls Sie also Fragen zu Smartphone, Apps, Online-Dienste oder generell zur digitalen Welt haben, kommen Sie einfach am Dienstag oder Mittwoch zwischen 14 und 15 Uhr in den <em>freiRaum<\/em> am Babenbergerring 71. <\/p>\n<\/div>\n                <\/section>\n\n<section class=\"container-fluid bg-white px-0 pt-5 pt-md-5\">\n                    <div class=\"container px-3\">\n<p style=\"font-size:15px\"><em>(Kooperation mit dem Stadtteil-B\u00fcro S\u00fcdwest und den digitalen T\u00fcr\u00f6ffnern)<\/em><\/p>\n<\/div>\n                <\/section>\n\n<section class=\"container-fluid bg-white p-0 pt-5 pt-md-5\">\n                    <div class=\"container p-5 p-3 pb-0\">\n<h6 class=\"has-background wp-block-heading\" style=\"background-color:#bd3e8473\" class=\"mb-0\"><strong>16.00 &#8211; 19.00 Uhr: Jugendtreff &#8211; Technik-Experimente<br>freiRaum (Stadtteil-B\u00fcro, Babenbergerring 71)<\/strong><\/h6>\n<\/div>\n                <\/section>\n\n<section class=\"container-fluid bg-white px-0 pt-5 pt-md-5\">\n                    <div class=\"container px-3\">\n<p style=\"font-size:15px\">Jeden Dienstag und Donnerstag Nachmittag findet im <em>freiRaum<\/em> ein offener Jugendtreff f\u00fcr Kinder- und Jugendliche ab acht Jahren statt. W\u00e4hrend der Smarten Woche wird dabei Digitalisierung spielerisch erlebbar gemacht. Kommt vorbei, wenn ihr spannende Experimente durchf\u00fchren, Technik verstehen und gemeinsam Spa\u00df haben wollt! Es sind keine Vorkenntnisse n\u00f6tig, bringt einfach Neugier und Lust aufs Ausprobieren mit!<\/p>\n<\/div>\n                <\/section>\n\n<section class=\"container-fluid bg-white px-0 pt-5 pt-md-5\">\n                    <div class=\"container px-3\">\n<p style=\"font-size:15px\"><em>(Kooperation mit dem Stadtteil-B\u00fcro S\u00fcdwest und iSo e.V., Durchf\u00fchrung: NEO-Bamberg)<\/em><\/p>\n<\/div>\n                <\/section>\n\n<section class=\"container-fluid bg-white p-0 pt-5 pt-md-5\">\n                    <div class=\"container p-5 p-3 pb-0\">\n<h6 class=\"has-background wp-block-heading\" style=\"background-color:#fcb90073\" class=\"mb-0\"><strong>17.00 &#8211; 18.30 Uhr: Elternberatung &#8211; Digitale Medien sicher begleiten<\/strong><br><strong>pop-up (neben Stadtteil-B\u00fcro, Babenbergerring 71)<\/strong><\/h6>\n<\/div>\n                <\/section>\n\n<section class=\"container-fluid bg-white px-0 pt-5 pt-md-5\">\n                    <div class=\"container px-3\">\n<p style=\"font-size:15px\">Zeitgleich zum Jugendtreff haben Eltern und Erziehungsberechtigte die M\u00f6glichkeit, sich bei einem Informationsabend \u00fcber das Thema \u201eDigitale Gesundheit bei Kindern und Jugendlichen\u201c beraten zu lassen und auszutauschen. Gemeinsam mit der Medienberatung Oberfranken sprechen wir \u00fcber Gefahren des (\u00fcberm\u00e4\u00dfigen) Digitalkonsums, aber auch \u00fcber Handlungsm\u00f6glichkeiten wie dem Ausbau der Medienkompetenzen bei Kindern, Jugendlichen wie auch deren Eltern. Die Sprechstunde wird im <em>pop-up<\/em>, dem leerstehenden Raum neben dem Stadtteil-B\u00fcro, abgehalten.<\/p>\n<\/div>\n                <\/section>\n\n<section class=\"container-fluid bg-white px-0 pt-5 pt-md-5\">\n                    <div class=\"container px-3\">\n<p style=\"font-size:15px\"><em>(Kooperation mit dem Stadtteil-B\u00fcro S\u00fcdwest, Durchf\u00fchrung: Medienberatung Oberfranken)<\/em><\/p>\n<\/div>\n                <\/section>\n\n\n<hr class=\"wp-block-separator has-alpha-channel-opacity\"\/>\n\n\n<section class=\"container-fluid bg-white p-0 pt-5 pt-md-5\">\n                    <div class=\"container p-5 p-3 pb-0\">\n<h2 class=\"wp-block-heading\" class=\"mb-0\">Mittwoch, 02.04.2025<\/h2>\n<\/div>\n                <\/section>\n\n<section class=\"container-fluid bg-white p-0 pt-5 pt-md-5\">\n                    <div class=\"container p-5 p-3 pb-0\">\n<h6 class=\"has-background wp-block-heading\" style=\"background-color:#bd3e8473\" class=\"mb-0\"><strong>14.00-15.00 Uhr: Digital-Sprechstunde <br>freiRaum (Stadtteil-B\u00fcro, Babenbergerring 71)<\/strong><\/h6>\n<\/div>\n                <\/section>\n\n<section class=\"container-fluid bg-white px-0 pt-5 pt-md-5\">\n                    <div class=\"container px-3\">\n<p style=\"font-size:15px\">Seit l\u00e4ngerem gibt es in Bambergs S\u00fcdwesten \u201edigitale T\u00fcr\u00f6ffner\u201c &#8211; Ehrenamtliche, die bei Bedarf individuelle Unterst\u00fctzung bei digitalen Fragen und Herausforderungen anbieten. F\u00fcr die Smarte Woche werden gleich zwei feste Sprechstunden angeboten, zu denen Hilfesuchende ohne Terminvereinbarung vorbeikommen k\u00f6nnen. Die offene Sprechstunde richtet sich an alle, die Unterst\u00fctzung im digitalen Alltag ben\u00f6tigen. Falls Sie also Fragen zu Smartphone, Apps, Online-Dienste oder generell zur digitalen Welt haben, kommen Sie einfach am Dienstag oder Mittwoch zwischen 14 und 15 Uhr in den <em>freiRaum<\/em> am Babenbergerring 71.<\/p>\n<\/div>\n                <\/section>\n\n<section class=\"container-fluid bg-white px-0 pt-5 pt-md-5\">\n                    <div class=\"container px-3\">\n<p style=\"font-size:15px\"><em>(Kooperation mit dem Stadtteil-B\u00fcro S\u00fcdwest und den digitalen T\u00fcr\u00f6ffnern)<\/em><\/p>\n<\/div>\n                <\/section>\n\n<section class=\"container-fluid bg-white p-0 pt-5 pt-md-5\">\n                    <div class=\"container p-5 p-3 pb-0\">\n<h6 class=\"has-background wp-block-heading\" style=\"background-color:#8dd2fcb0\" class=\"mb-0\"><strong>19.00 &#8211; circa 20.00 Uhr: Mitgliederversammlung B\u00fcrgerverein S\u00fcdwest<\/strong><br><strong>Klemens-Fink-Zentrum (Babenbergerring 1)<\/strong><\/h6>\n<\/div>\n                <\/section>\n\n<section class=\"container-fluid bg-white px-0 pt-5 pt-md-5\">\n                    <div class=\"container px-3\">\n<p style=\"font-size:15px\">Der B\u00fcrgerverein S\u00fcdwest engagiert sich seit 1977 f\u00fcr Interessen des Babenberger Viertels. Zu Beginn der Mitgliederversammlung im Vereinslokal des Klemens-Fink-Zentrums werden wir zwei Projekte vorstellen: die \u201eBamberg-App\u201c, die verschiedene n\u00fctzliche Services b\u00fcndeln wird, und die \u201eEngagement-Plattform\u201c, die Menschen in Bamberg dabei unterst\u00fctzen soll, ihre Stadt mitzugestalten. Nach der Vorstellung gibt es Raum f\u00fcr Fragen und Anmerkungen aus dem Publikum, woran sich die regul\u00e4ren Inhalte der Mitgliederversammlung anschlie\u00dfen. Die Mitgliederversammlung steht f\u00fcr alle offen &#8211; sollten Sie sich also f\u00fcr die beiden Projekte interessieren, sind Sie herzlich eingeladen, daran teilzunehmen!<\/p>\n<\/div>\n                <\/section>\n\n<section class=\"container-fluid bg-white px-0 pt-5 pt-md-5\">\n                    <div class=\"container px-3\">\n<p style=\"font-size:15px\"><em>(Kooperation mit dem B\u00fcrgerverein S\u00fcdwest und dem Klemens-Fink-Zentrum)<\/em><\/p>\n<\/div>\n                <\/section>\n\n\n<hr class=\"wp-block-separator has-alpha-channel-opacity\"\/>\n\n\n<section class=\"container-fluid bg-white p-0 pt-5 pt-md-5\">\n                    <div class=\"container p-5 p-3 pb-0\">\n<h2 class=\"wp-block-heading\" class=\"mb-0\">Donnerstag, 03.04.2025<\/h2>\n<\/div>\n                <\/section>\n\n<section class=\"container-fluid bg-white p-0 pt-5 pt-md-5\">\n                    <div class=\"container p-5 p-3 pb-0\">\n<h6 class=\"has-background wp-block-heading\" style=\"background-color:#bd3e8473\" class=\"mb-0\"><strong>15.00 &#8211; 19.00 Uhr: Jugendtreff &#8211; Kunst &amp; KI<\/strong><br><strong>freiRaum (Stadtteil-B\u00fcro, Babenbergerring 71)<\/strong><\/h6>\n<\/div>\n                <\/section>\n\n<section class=\"container-fluid bg-white px-0 pt-5 pt-md-5\">\n                    <div class=\"container px-3\">\n<p style=\"font-size:15px\">Malst du gerne und magst es, mit Farben zu arbeiten? Wolltest schon immer sehen, wie ein Bild zum Leben erweckt wird? Dann bist du beim Jugendtreff am Donnerstag genau richtig! Wir malen oder spr\u00fchen Figuren, die anschlie\u00dfend durch eine KI wie in einem Zeichentrickfilm animiert werden. Der Jugendtreff findet jede Woche statt und ist offen f\u00fcr Kinder und Jugendliche ab acht Jahren &#8211; dieser Workshop d\u00fcrfte aber allen Spa\u00df machen. Bringt also gerne eure Geschwister, Eltern oder Gro\u00dfeltern mit! Es sind keine Vorkenntnisse n\u00f6tig, Neugier und Lust aufs Ausprobieren gen\u00fcgen. <\/p>\n<\/div>\n                <\/section>\n\n<section class=\"container-fluid bg-white px-0 pt-5 pt-md-5\">\n                    <div class=\"container px-3\">\n<p style=\"font-size:15px\"><em>(Kooperation mit dem Stadtteil-B\u00fcro S\u00fcdwest und iSo e.V., Durchf\u00fchrung: Sebastian Magnus)<\/em><\/p>\n<\/div>\n                <\/section>\n\n<section class=\"container-fluid bg-white p-0 pt-5 pt-md-5\">\n                    <div class=\"container p-5 p-3 pb-0\">\n<h6 class=\"has-background wp-block-heading\" style=\"background-color:#fcb90073\" class=\"mb-0\"><strong>18:15 &#8211; 19:45 Uhr: Smart Talk &#8220;Demokratie in Gefahr? Wie das Internet unsere Gesellschaft beeinflusst.&#8221;<br>pop-up (neben Stadtteil-B\u00fcro, Babenbergerring 71)<\/strong><\/h6>\n<\/div>\n                <\/section>\n\n<section class=\"container-fluid bg-white px-0 pt-5 pt-md-5\">\n                    <div class=\"container px-3\">\n<p style=\"font-size:15px\">Seit 2021 beleuchten unsere Smart Talks Themen rund um Digitalisierung und Smart City: bei einer Podiumsdiskussion betrachten Expert:innen ein Thema aus verschiedenen Perspektiven und machen auch komplexe Inhalte f\u00fcr das Publikum verst\u00e4ndlich. Diesmal soll es um den Zusammenhang zwischen Internet und den sozialen Medien, einer gesellschaftlichen Spaltung und der Gefahr f\u00fcr Demokratie gehen. Nach der Podiumsdiskussion gibt es Raum f\u00fcr Fragen und Anmerkungen aus dem Publikum. Gemeinsam wollen wir \u00fcber L\u00f6sungen sprechen und Impulse f\u00fcr eine demokratische Zukunft setzen &#8211; wir freuen uns auf Sie!<\/p>\n<\/div>\n                <\/section>\n\n<section class=\"container-fluid bg-white px-0 pt-5 pt-md-5\">\n                    <div class=\"container px-3\">\n<p style=\"font-size:15px\"><em>(Kooperation mit dem Stadtteil-B\u00fcro S\u00fcdwest)<\/em><\/p>\n<\/div>\n                <\/section>\n\n\n<hr class=\"wp-block-separator has-alpha-channel-opacity\"\/>\n\n\n<section class=\"container-fluid bg-white p-0 pt-5 pt-md-5\">\n                    <div class=\"container p-5 p-3 pb-0\">\n<h2 class=\"wp-block-heading\" class=\"mb-0\">Freitag, 04.04.2025<\/h2>\n<\/div>\n                <\/section>\n\n<section class=\"container-fluid bg-white p-0 pt-5 pt-md-5\">\n                    <div class=\"container p-5 p-3 pb-0\">\n<h6 class=\"has-background wp-block-heading\" style=\"background-color:#bd3e8473\" class=\"mb-0\"><strong>16:30-18:00 Uhr: B\u00fcrgerdialog Mobilit\u00e4t<\/strong><br><strong>freiRaum (Stadtteil-B\u00fcro, Babenbergerring 71<\/strong>)<\/h6>\n<\/div>\n                <\/section>\n\n<section class=\"container-fluid bg-white px-0 pt-5 pt-md-5\">\n                    <div class=\"container px-3\">\n<p style=\"font-size:15px\">Wie \u00fcberall ist Mobilit\u00e4t auch in Bamberg ein hei\u00df diskutiertes Thema! Bei diesem B\u00fcrgerdialog wollen wir versuchen, einen positiven Blick in die Zukunft der Mobilit\u00e4t in und um Bamberg zu werfen. Ausgehend von der Frage, wo wir aktuell damit stehen, werden wir diskutieren, welche L\u00f6sungsszenarien denkbar w\u00e4ren und dabei auch zwei Smart City Projekte vorstellen: die Mobilit\u00e4tsplattform, die bereits in Kooperation mit den Stadtwerken Bamberg entwickelt wird, und eine L\u00f6sung f\u00fcr barrierearmes Routing. Beim B\u00fcrgerdialog steht aber vor allem der gemeinsame Austausch im Vordergrund &#8211; kommen Sie also vorbei und teilen Sie Ihre Gedanken mit uns!<\/p>\n<\/div>\n                <\/section>\n\n<section class=\"container-fluid bg-white px-0 pt-5 pt-md-5\">\n                    <div class=\"container px-3\">\n<p style=\"font-size:15px\"><em>(Kooperation mit dem Stadtteil-B\u00fcro S\u00fcdwest)<\/em><\/p>\n<\/div>\n                <\/section>\n\n<section class=\"container-fluid bg-white p-0 pt-5 pt-md-5\">\n                    <div class=\"container p-5 p-3 pb-0\">\n<h6 class=\"has-background wp-block-heading\" style=\"background-color:#8dd2fcb0\" class=\"mb-0\"><strong>19:00- circa 20:30 Uhr: Fahrradkino<\/strong><br><strong>Klemens-Fink-Zentrum (Babenbergerring 1)<\/strong><\/h6>\n<\/div>\n                <\/section>\n\n<section class=\"container-fluid bg-white px-0 pt-5 pt-md-5\">\n                    <div class=\"container px-3\">\n<p style=\"font-size:15px\">Den Abschluss der Smarten Woche macht ein Kinoerlebnis der etwas anderen Art: Beim Fahrradkino h\u00e4lt das Publikum die Filmvorf\u00fchrung durch eigene K\u00f6rperkraft am Laufen! Je zwei G\u00e4ste fahren Rad und erzeugen so den f\u00fcr die Vorf\u00fchrung ben\u00f6tigten Strom. Nach ein paar Minuten wird gewechselt und selbstverst\u00e4ndlich wird auf individuelle Einschr\u00e4nkungen R\u00fccksicht genommen. Der Filmtitel wird noch bekannt gegeben, wird aber f\u00fcr die ganze Familie geeignet sein und mit Untertiteln gezeigt werden. Freier Eintritt!<\/p>\n<\/div>\n                <\/section>\n\n<section class=\"container-fluid bg-white px-0 pt-5 pt-md-5\">\n                    <div class=\"container px-3\">\n<p style=\"font-size:15px\"><em>(Kooperation mit dem Klemens-Fink-Zentrum, Durchf\u00fchrung: Thomas Beer)<\/em><\/p>\n<\/div>\n                <\/section>\n\n\n<hr class=\"wp-block-separator has-alpha-channel-opacity\"\/>\n\n\n<section class=\"container-fluid bg-white px-0 pt-5 pt-md-5\">\n                    <div class=\"container px-3\">\n<p>Was die Smarte Woche allgemein zum Ziel hat und wo und wann sie noch stattfindet, lest ihr <a href=\"https:\/\/smartcity.bamberg.de\/2025\/02\/10\/smarte-wochen-2025\/\">hier<\/a>.<\/p>\n<\/div>\n                <\/section>","protected":false},"excerpt":{"rendered":"<p>Hier findet ihr weitere Infos zu den einzelnen Programmpunkten den Smarten Woche in Bambergs S\u00fcdwesten!<\/p>\n","protected":false},"featured_media":2290,"template":"","meta":{"_acf_changed":false,"footnotes":""},"categories":[150],"class_list":["post-5869","events","type-events","status-publish","has-post-thumbnail","hentry","category-veranstaltungen"],"acf":[],"_links":{"self":[{"href":"https:\/\/smartcity.bamberg.de\/les\/wp-json\/wp\/v2\/events\/5869","targetHints":{"allow":["GET"]}}],"collection":[{"href":"https:\/\/smartcity.bamberg.de\/les\/wp-json\/wp\/v2\/events"}],"about":[{"href":"https:\/\/smartcity.bamberg.de\/les\/wp-json\/wp\/v2\/types\/events"}],"version-history":[{"count":1,"href":"https:\/\/smartcity.bamberg.de\/les\/wp-json\/wp\/v2\/events\/5869\/revisions"}],"predecessor-version":[{"id":5958,"href":"https:\/\/smartcity.bamberg.de\/les\/wp-json\/wp\/v2\/events\/5869\/revisions\/5958"}],"wp:featuredmedia":[{"embeddable":true,"href":"https:\/\/smartcity.bamberg.de\/les\/wp-json\/wp\/v2\/media\/2290"}],"wp:attachment":[{"href":"https:\/\/smartcity.bamberg.de\/les\/wp-json\/wp\/v2\/media?parent=5869"}],"wp:term":[{"taxonomy":"category","embeddable":true,"href":"https:\/\/smartcity.bamberg.de\/les\/wp-json\/wp\/v2\/categories?post=5869"}],"curies":[{"name":"wp","href":"https:\/\/api.w.org\/{rel}","templated":true}]}}